{"id":786,"date":"2023-11-21T13:28:48","date_gmt":"2023-11-21T12:28:48","guid":{"rendered":"https:\/\/www.yates-mallorca.com\/como-encontrarnos\/"},"modified":"2023-11-22T16:36:23","modified_gmt":"2023-11-22T15:36:23","slug":"como-encontrarnos","status":"publish","type":"page","link":"https:\/\/www.yates-mallorca.com\/es\/como-encontrarnos\/","title":{"rendered":"C\u00f3mo encontrarnos"},"content":{"rendered":"\t\t<div data-elementor-type=\"wp-page\" data-elementor-id=\"786\" class=\"elementor elementor-786 elementor-147\" data-elementor-post-type=\"page\">\n\t\t\t\t\t\t<section class=\"elementor-section elementor-top-section elementor-element elementor-element-f382814 elementor-section-boxed elementor-section-height-default elementor-section-height-default\" data-id=\"f382814\" data-element_type=\"section\" data-e-type=\"section\">\n\t\t\t\t\t\t<div class=\"elementor-container elementor-column-gap-default\">\n\t\t\t\t\t<div class=\"elementor-column elementor-col-100 elementor-top-column elementor-element elementor-element-01436ce\" data-id=\"01436ce\" data-element_type=\"column\" data-e-type=\"column\">\n\t\t\t<div class=\"elementor-widget-wrap elementor-element-populated\">\n\t\t\t\t\t\t<div class=\"elementor-element elementor-element-857dcbc elementor-widget elementor-widget-heading\" data-id=\"857dcbc\" data-element_type=\"widget\" data-e-type=\"widget\" data-widget_type=\"heading.default\">\n\t\t\t\t<div class=\"elementor-widget-container\">\n\t\t\t\t\t<h1 class=\"elementor-heading-title elementor-size-default\">Calle Porto P\u00ed 4a - Palma<\/h1>\t\t\t\t<\/div>\n\t\t\t\t<\/div>\n\t\t\t\t\t<\/div>\n\t\t<\/div>\n\t\t\t\t\t<\/div>\n\t\t<\/section>\n\t\t\t\t<section class=\"elementor-section elementor-top-section elementor-element elementor-element-d7e1b8b elementor-section-boxed elementor-section-height-default elementor-section-height-default\" data-id=\"d7e1b8b\" data-element_type=\"section\" data-e-type=\"section\">\n\t\t\t\t\t\t<div class=\"elementor-container elementor-column-gap-default\">\n\t\t\t\t\t<div class=\"elementor-column elementor-col-100 elementor-top-column elementor-element elementor-element-7e991ce\" data-id=\"7e991ce\" data-element_type=\"column\" data-e-type=\"column\">\n\t\t\t<div class=\"elementor-widget-wrap elementor-element-populated\">\n\t\t\t\t\t\t<div class=\"elementor-element elementor-element-ac80cce elementor-widget elementor-widget-google_maps\" data-id=\"ac80cce\" data-element_type=\"widget\" data-e-type=\"widget\" data-widget_type=\"google_maps.default\">\n\t\t\t\t<div class=\"elementor-widget-container\">\n\t\t\t\t\t\t\t<div class=\"elementor-custom-embed\">\n\t\t\t<iframe loading=\"lazy\"\n\t\t\t\t\tsrc=\"https:\/\/maps.google.com\/maps?q=Calle%20Porto%20P%C3%AD%204a%20%E2%80%93%20Palma&#038;t=m&#038;z=14&#038;output=embed&#038;iwloc=near\"\n\t\t\t\t\ttitle=\"Calle Porto P\u00ed 4a \u2013 Palma\"\n\t\t\t\t\taria-label=\"Calle Porto P\u00ed 4a \u2013 Palma\"\n\t\t\t><\/iframe>\n\t\t<\/div>\n\t\t\t\t\t\t<\/div>\n\t\t\t\t<\/div>\n\t\t\t\t\t<\/div>\n\t\t<\/div>\n\t\t\t\t\t<\/div>\n\t\t<\/section>\n\t\t\t\t<section class=\"elementor-section elementor-top-section elementor-element elementor-element-7e636ce elementor-section-boxed elementor-section-height-default elementor-section-height-default\" data-id=\"7e636ce\" data-element_type=\"section\" data-e-type=\"section\">\n\t\t\t\t\t\t<div class=\"elementor-container elementor-column-gap-default\">\n\t\t\t\t\t<div class=\"elementor-column elementor-col-66 elementor-top-column elementor-element elementor-element-d076086\" data-id=\"d076086\" data-element_type=\"column\" data-e-type=\"column\">\n\t\t\t<div class=\"elementor-widget-wrap elementor-element-populated\">\n\t\t\t\t\t\t<div class=\"elementor-element elementor-element-e15a956 elementor-widget elementor-widget-text-editor\" data-id=\"e15a956\" data-element_type=\"widget\" data-e-type=\"widget\" data-widget_type=\"text-editor.default\">\n\t\t\t\t<div class=\"elementor-widget-container\">\n\t\t\t\t\t\t\t\t\t<p>Encontrar\u00e1 nuestra oficina principal, talleres y amarres en el prestigioso Club de Mar de Palma de Mallorca, uno de los puertos deportivos privados m\u00e1s famosos de la isla. Algunos de los m\u00e1s bellos y famosos superyates y megayates est\u00e1n amarrados aqu\u00ed.<\/p>\n<p>Desde el aeropuerto, siga las indicaciones hacia Palma y \u00abPort\u00bb. Esto le llevar\u00e1 al Paseo Mar\u00edtimo (Avenida de Gabriel Roca (gran calle directamente a lo largo del agua). En el \u00fanico puente de carretera que cruza el paseo, ver\u00e1 el Club de Mar a su izquierda. Mant\u00e9ngase a la derecha y cruce este puente. Despu\u00e9s, una larga curva a la derecha le lleva directamente a la entrada del club.<\/p>\n<p>Nuestra back office (administraci\u00f3n, venta de recambios) se encuentra en la calle Porto Pi 4, frente al Club de Mar<\/p>\n\t\t\t\t\t\t\t\t<\/div>\n\t\t\t\t<\/div>\n\t\t\t\t\t<\/div>\n\t\t<\/div>\n\t\t\t\t<div class=\"elementor-column elementor-col-33 elementor-top-column elementor-element elementor-element-b04694c\" data-id=\"b04694c\" data-element_type=\"column\" data-e-type=\"column\">\n\t\t\t<div class=\"elementor-widget-wrap elementor-element-populated\">\n\t\t\t\t\t\t<div class=\"elementor-element elementor-element-542456a elementor-widget elementor-widget-image\" data-id=\"542456a\" data-element_type=\"widget\" data-e-type=\"widget\" data-widget_type=\"image.default\">\n\t\t\t\t<div class=\"elementor-widget-container\">\n\t\t\t\t\t\t\t\t\t\t\t\t\t\t\t<img loading=\"lazy\" decoding=\"async\" width=\"800\" height=\"534\" src=\"https:\/\/www.yates-mallorca.com\/wp-content\/uploads\/2023\/11\/yates-mallorca-palma-1024x683.jpg\" class=\"attachment-large size-large wp-image-416\" alt=\"\" srcset=\"https:\/\/www.yates-mallorca.com\/wp-content\/uploads\/2023\/11\/yates-mallorca-palma-1024x683.jpg 1024w, https:\/\/www.yates-mallorca.com\/wp-content\/uploads\/2023\/11\/yates-mallorca-palma-300x200.jpg 300w, https:\/\/www.yates-mallorca.com\/wp-content\/uploads\/2023\/11\/yates-mallorca-palma-768x512.jpg 768w, https:\/\/www.yates-mallorca.com\/wp-content\/uploads\/2023\/11\/yates-mallorca-palma.jpg 1200w\" sizes=\"auto, (max-width: 800px) 100vw, 800px\"  title=\"C\u00f3mo encontrarnos\" \/>\t\t\t\t\t\t\t\t\t\t\t\t\t\t\t<\/div>\n\t\t\t\t<\/div>\n\t\t\t\t\t<\/div>\n\t\t<\/div>\n\t\t\t\t\t<\/div>\n\t\t<\/section>\n\t\t\t\t<section class=\"elementor-section elementor-top-section elementor-element elementor-element-1372418 elementor-section-boxed elementor-section-height-default elementor-section-height-default\" data-id=\"1372418\" data-element_type=\"section\" data-e-type=\"section\">\n\t\t\t\t\t\t<div class=\"elementor-container elementor-column-gap-default\">\n\t\t\t\t\t<div class=\"elementor-column elementor-col-33 elementor-top-column elementor-element elementor-element-127e3dc\" data-id=\"127e3dc\" data-element_type=\"column\" data-e-type=\"column\">\n\t\t\t<div class=\"elementor-widget-wrap elementor-element-populated\">\n\t\t\t\t\t\t<div class=\"elementor-element elementor-element-293b7a7 elementor-widget elementor-widget-image\" data-id=\"293b7a7\" data-element_type=\"widget\" data-e-type=\"widget\" data-widget_type=\"image.default\">\n\t\t\t\t<div class=\"elementor-widget-container\">\n\t\t\t\t\t\t\t\t\t\t\t\t\t\t\t<img loading=\"lazy\" decoding=\"async\" width=\"800\" height=\"533\" src=\"https:\/\/www.yates-mallorca.com\/wp-content\/uploads\/2023\/11\/kathedrale-palma-1024x682.jpg\" class=\"attachment-large size-large wp-image-419\" alt=\"\" srcset=\"https:\/\/www.yates-mallorca.com\/wp-content\/uploads\/2023\/11\/kathedrale-palma-1024x682.jpg 1024w, https:\/\/www.yates-mallorca.com\/wp-content\/uploads\/2023\/11\/kathedrale-palma-300x200.jpg 300w, https:\/\/www.yates-mallorca.com\/wp-content\/uploads\/2023\/11\/kathedrale-palma-768x512.jpg 768w, https:\/\/www.yates-mallorca.com\/wp-content\/uploads\/2023\/11\/kathedrale-palma.jpg 1400w\" sizes=\"auto, (max-width: 800px) 100vw, 800px\"  title=\"C\u00f3mo encontrarnos\" \/>\t\t\t\t\t\t\t\t\t\t\t\t\t\t\t<\/div>\n\t\t\t\t<\/div>\n\t\t\t\t\t<\/div>\n\t\t<\/div>\n\t\t\t\t<div class=\"elementor-column elementor-col-66 elementor-top-column elementor-element elementor-element-e290685\" data-id=\"e290685\" data-element_type=\"column\" data-e-type=\"column\">\n\t\t\t<div class=\"elementor-widget-wrap elementor-element-populated\">\n\t\t\t\t\t\t<div class=\"elementor-element elementor-element-5a0c190 elementor-widget elementor-widget-text-editor\" data-id=\"5a0c190\" data-element_type=\"widget\" data-e-type=\"widget\" data-widget_type=\"text-editor.default\">\n\t\t\t\t<div class=\"elementor-widget-container\">\n\t\t\t\t\t\t\t\t\t<p><strong>Autob\u00fas:<\/strong> la l\u00ednea 1 \u00abAeroport-Port\u00bb conecta el aeropuerto con la terminal de transbordadores. Bajar en la parada \u00abCalle Porto P\u00ec\u00bb. El Club de Mar est\u00e1 justo enfrente, al otro lado del Paseo Mar\u00edtimo.<\/p>\n<p><strong>En coche:<\/strong> Desde el aeropuerto, siga las indicaciones hacia Palma y \u00abPort\u00bb. Esto le llevar\u00e1 al Paseo Mar\u00edtimo, que discurre directamente a lo largo del paseo mar\u00edtimo. Una vez pasada la catedral a la derecha, tome la siguiente a la izquierda e inmediatamente despu\u00e9s gire de nuevo a la derecha (en paralelo al Paseo Mar\u00edtimo). A unos 300 metros encontrar\u00e1 el puerto deportivo de La Lonja a su izquierda.<\/p>\n<p><strong>Nuestra flota de ch\u00e1rter<\/strong> tiene su base en la <strong>\u00abMarina La Lonja<\/strong> \u00ab, justo enfrente del centro hist\u00f3rico de Palma de Mallorca. El puerto deportivo se encuentra a los pies de la catedral, el museo \u00abEs Baluard\u00bb incrustado en las murallas de la ciudad y la antigua lonja de comercio mar\u00edtimo. Se tarda unos 10 minutos en taxi desde el aeropuerto. Por favor, introduzca \u00abMarina La Lonja\/Muelle la Lonja\u00bb como destino.<\/p>\n\t\t\t\t\t\t\t\t<\/div>\n\t\t\t\t<\/div>\n\t\t\t\t\t<\/div>\n\t\t<\/div>\n\t\t\t\t\t<\/div>\n\t\t<\/section>\n\t\t\t\t<section class=\"elementor-section elementor-top-section elementor-element elementor-element-8627a3a elementor-section-boxed elementor-section-height-default elementor-section-height-default\" data-id=\"8627a3a\" data-element_type=\"section\" data-e-type=\"section\">\n\t\t\t\t\t\t<div class=\"elementor-container elementor-column-gap-default\">\n\t\t\t\t\t<div class=\"elementor-column elementor-col-100 elementor-top-column elementor-element elementor-element-db9b17e\" data-id=\"db9b17e\" data-element_type=\"column\" data-e-type=\"column\">\n\t\t\t<div class=\"elementor-widget-wrap elementor-element-populated\">\n\t\t\t\t\t\t<div class=\"elementor-element elementor-element-9a6140c elementor-widget elementor-widget-heading\" data-id=\"9a6140c\" data-element_type=\"widget\" data-e-type=\"widget\" data-widget_type=\"heading.default\">\n\t\t\t\t<div class=\"elementor-widget-container\">\n\t\t\t\t\t<h2 class=\"elementor-heading-title elementor-size-default\">Am Kreuzberg 3 - 40489 D\u00fcsseldorf<\/h2>\t\t\t\t<\/div>\n\t\t\t\t<\/div>\n\t\t\t\t<div class=\"elementor-element elementor-element-68dbe72 elementor-widget elementor-widget-text-editor\" data-id=\"68dbe72\" data-element_type=\"widget\" data-e-type=\"widget\" data-widget_type=\"text-editor.default\">\n\t\t\t\t<div class=\"elementor-widget-container\">\n\t\t\t\t\t\t\t\t\t<p>La oficina de nuestra representaci\u00f3n ME Yachting se encuentra en el barrio \u00abKaiserswerth\u00bb de D\u00fcsseldorf.  <br \/>Estamos a su disposici\u00f3n all\u00ed y tenemos todos los yates \u00abvirtualmente\u00bb in situ.<\/p>\n\t\t\t\t\t\t\t\t<\/div>\n\t\t\t\t<\/div>\n\t\t\t\t\t<\/div>\n\t\t<\/div>\n\t\t\t\t\t<\/div>\n\t\t<\/section>\n\t\t\t\t<section class=\"elementor-section elementor-top-section elementor-element elementor-element-888f5f8 elementor-section-boxed elementor-section-height-default elementor-section-height-default\" data-id=\"888f5f8\" data-element_type=\"section\" data-e-type=\"section\">\n\t\t\t\t\t\t<div class=\"elementor-container elementor-column-gap-default\">\n\t\t\t\t\t<div class=\"elementor-column elementor-col-100 elementor-top-column elementor-element elementor-element-2a47096\" data-id=\"2a47096\" data-element_type=\"column\" data-e-type=\"column\">\n\t\t\t<div class=\"elementor-widget-wrap elementor-element-populated\">\n\t\t\t\t\t\t<div class=\"elementor-element elementor-element-357c0dd elementor-widget elementor-widget-google_maps\" data-id=\"357c0dd\" data-element_type=\"widget\" data-e-type=\"widget\" data-widget_type=\"google_maps.default\">\n\t\t\t\t<div class=\"elementor-widget-container\">\n\t\t\t\t\t\t\t<div class=\"elementor-custom-embed\">\n\t\t\t<iframe loading=\"lazy\"\n\t\t\t\t\tsrc=\"https:\/\/maps.google.com\/maps?q=Am%20Kreuzberg%203%20-%2040489%20D%C3%BCsseldorf&#038;t=m&#038;z=12&#038;output=embed&#038;iwloc=near\"\n\t\t\t\t\ttitle=\"Am Kreuzberg 3 - 40489 D\u00fcsseldorf\"\n\t\t\t\t\taria-label=\"Am Kreuzberg 3 - 40489 D\u00fcsseldorf\"\n\t\t\t><\/iframe>\n\t\t<\/div>\n\t\t\t\t\t\t<\/div>\n\t\t\t\t<\/div>\n\t\t\t\t\t<\/div>\n\t\t<\/div>\n\t\t\t\t\t<\/div>\n\t\t<\/section>\n\t\t\t\t<\/div>\n\t\t","protected":false},"excerpt":{"rendered":"<p>Calle Porto P\u00ed 4a &#8211; Palma Encontrar\u00e1 nuestra oficina principal, talleres y amarres en el prestigioso Club de Mar de Palma de Mallorca, uno de los puertos deportivos privados m\u00e1s famosos de la isla. Algunos de los m\u00e1s bellos y famosos superyates y megayates est\u00e1n amarrados aqu\u00ed. Desde el aeropuerto, siga las indicaciones hacia Palma [&hellip;]<\/p>\n","protected":false},"author":1,"featured_media":0,"parent":0,"menu_order":0,"comment_status":"closed","ping_status":"closed","template":"","meta":{"footnotes":""},"class_list":["post-786","page","type-page","status-publish","hentry"],"_links":{"self":[{"href":"https:\/\/www.yates-mallorca.com\/es\/wp-json\/wp\/v2\/pages\/786","targetHints":{"allow":["GET"]}}],"collection":[{"href":"https:\/\/www.yates-mallorca.com\/es\/wp-json\/wp\/v2\/pages"}],"about":[{"href":"https:\/\/www.yates-mallorca.com\/es\/wp-json\/wp\/v2\/types\/page"}],"author":[{"embeddable":true,"href":"https:\/\/www.yates-mallorca.com\/es\/wp-json\/wp\/v2\/users\/1"}],"replies":[{"embeddable":true,"href":"https:\/\/www.yates-mallorca.com\/es\/wp-json\/wp\/v2\/comments?post=786"}],"version-history":[{"count":0,"href":"https:\/\/www.yates-mallorca.com\/es\/wp-json\/wp\/v2\/pages\/786\/revisions"}],"wp:attachment":[{"href":"https:\/\/www.yates-mallorca.com\/es\/wp-json\/wp\/v2\/media?parent=786"}],"curies":[{"name":"wp","href":"https:\/\/api.w.org\/{rel}","templated":true}]}}